{"id":43,"date":"2016-06-10T15:04:05","date_gmt":"2016-06-10T13:04:05","guid":{"rendered":"http:\/\/agat.wt.pw.edu.pl\/szjk\/?page_id=43"},"modified":"2026-03-01T20:54:31","modified_gmt":"2026-03-01T19:54:31","slug":"monitorowanie","status":"publish","type":"page","link":"https:\/\/agat.wt.pw.edu.pl\/wszjk\/aktywnosc\/monitorowanie\/","title":{"rendered":"Monitorowanie Systemu"},"content":{"rendered":"<p>Monitorowanie Systemu<\/p>\n<table width=\"1060\">\n<tbody>\n<tr>\n<td colspan=\"2\" width=\"1060\">Rok 2026<\/td>\n<\/tr>\n<tr>\n<td width=\"64\">1<\/td>\n<td width=\"996\"><a href=\"http:\/\/172.16.201.202\/wszjk\/wp-content\/uploads\/2026\/03\/Wyniki-ankietyzacji-w-roku-2025.pdf\">Wyniki ankietyzacji w roku 2025<\/a> &#8211; dokument dost\u0119pny wy\u0142\u0105cznie z sieci komputerowej WT PW<\/td>\n<\/tr>\n<tr>\n<td width=\"64\">2<\/td>\n<td width=\"996\"><a href=\"http:\/\/172.16.201.202\/wszjk\/wp-content\/uploads\/2026\/03\/Sprawozdanie-WSZJK-2025.pdf\n\">Sprawozdanie z podj\u0119tych dzia\u0142a\u0144 dotycz\u0105cych zapewnienia jako\u015bci kszta\u0142cenia prowadzonych na Wydziale w roku 2025<\/a> &#8211; dokument dost\u0119pny wy\u0142\u0105cznie z sieci komputerowej WT PW<\/td>\n<\/tr>\n<tr>\n<td colspan=\"2\" width=\"1060\">Rok 2025<\/td>\n<\/tr>\n<tr>\n<td width=\"64\">1<\/td>\n<td width=\"996\"><a href=\"http:\/\/agat.wt.pw.edu.pl\/wszjk\/wp-content\/uploads\/2025\/06\/Sprawozdanie-z-podjetych-dzialan-dotyczacych-zapewnienia-jakosci-ksztalcenia-prowadzonych-na-Wydziale-w-roku-2024.pdf\n\">Sprawozdanie z podj\u0119tych dzia\u0142a\u0144 dotycz\u0105cych zapewnienia jako\u015bci kszta\u0142cenia prowadzonych na Wydziale w roku 2024<\/a><\/td>\n<\/tr>\n<tr>\n<td colspan=\"2\" width=\"1060\">Rok 2024<\/td>\n<\/tr>\n<tr>\n<td width=\"64\">1<\/td>\n<td width=\"996\"><a href=\"http:\/\/agat.wt.pw.edu.pl\/wszjk\/wp-content\/uploads\/2024\/02\/Wyniki-ankietyzacji-w-roku-2023_na-strone.pdf\">Wyniki ankietyzacji w roku 2023<\/a><\/td>\n<\/tr>\n<tr>\n<td width=\"64\">2<\/td>\n<td width=\"996\"><a href=\"http:\/\/agat.wt.pw.edu.pl\/wszjk\/wp-content\/uploads\/2024\/02\/Sprawozdanie-WSZJK-2023-na-strone-WSZJK.pdf\n\">Sprawozdanie z podj\u0119tych dzia\u0142a\u0144 dotycz\u0105cych zapewnienia jako\u015bci kszta\u0142cenia prowadzonych na Wydziale w roku 2023<\/a><\/td>\n<\/tr>\n<tr>\n<td colspan=\"2\" width=\"1060\">Rok 2023<\/td>\n<\/tr>\n<tr>\n<td width=\"64\">1<\/td>\n<td width=\"996\"><a href=\"http:\/\/agat.wt.pw.edu.pl\/wszjk\/wp-content\/uploads\/2023\/01\/Wyniki-ankietyzacji-2022.pdf\">Wyniki ankietyzacji w roku akademickim 2021\/22<\/a><\/td>\n<\/tr>\n<tr>\n<td width=\"64\">2<\/td>\n<td width=\"996\"><a href=\"http:\/\/agat.wt.pw.edu.pl\/wszjk\/wp-content\/uploads\/2023\/05\/Sprawozdanie-WSZJK-za-rok-2022.pdf\">Sprawozdanie z podj\u0119tych dzia\u0142a\u0144 dotycz\u0105cych zapewnienia jako\u015bci kszta\u0142cenia prowadzonych na Wydziale w roku 2022<\/a><\/td>\n<\/tr>\n<tr>\n<td colspan=\"2\" width=\"1060\">Rok 2022<\/td>\n<\/tr>\n<tr>\n<td width=\"64\">1<\/td>\n<td width=\"996\"><a href=\"http:\/\/agat.wt.pw.edu.pl\/wszjk\/wp-content\/uploads\/2022\/03\/Wyniki-ankietyzacji-2020_2021.pdf\">Wyniki ankietyzacji w roku akademickim 2020\/21<\/a><\/td>\n<\/tr>\n<tr>\n<td colspan=\"2\" width=\"1060\">Rok 2021<\/td>\n<\/tr>\n<tr>\n<td width=\"64\">1<\/td>\n<td width=\"996\"><a href=\"http:\/\/agat.wt.pw.edu.pl\/wszjk\/wp-content\/uploads\/2021\/03\/PLAN-DZIALAN-WSZJK-na-rok_2021.pdf\">Plan dzia\u0142a\u0144 na rok 2021<\/a><\/td>\n<\/tr>\n<tr>\n<td colspan=\"2\" width=\"1060\">Rok 2020<\/td>\n<\/tr>\n<tr>\n<td width=\"64\">1<\/td>\n<td width=\"996\"><a href=\"http:\/\/agat.wt.pw.edu.pl\/wszjk\/wp-content\/uploads\/2021\/03\/SPR_WSZJK-za-rok_2020.pdf\">Sprawozdanie z Podj\u0119tych Dzia\u0142a\u0144 Dotycz\u0105cych Zapewnienia Jako\u015bci Kszta\u0142cenia Prowadzonych na Wydziale w roku 2020<br \/>\n<\/a><\/td>\n<\/tr>\n<tr>\n<td width=\"64\">2<\/td>\n<td width=\"996\"><a href=\"http:\/\/agat.wt.pw.edu.pl\/wszjk\/wp-content\/uploads\/2021\/03\/WT2_P3_Ankieta-oceny-studiow_zmod_tk.pdf\">Ankieta oceny studi\u00f3w na Wydziale Transportu Politechniki Warszawskiej, Ankieta absolwenta dotycz\u0105ca oceny procesu dyplomowania na Wydziale Transportu Politechniki Warszawskiej<br \/>\n<\/a><\/td>\n<\/tr>\n<tr>\n<td width=\"64\">3<\/td>\n<td width=\"996\"><a href=\"http:\/\/agat.wt.pw.edu.pl\/wszjk\/wp-content\/uploads\/2021\/03\/ANKIETA-PRAKTYK-STUDENCKICH-STUDENCI_2020.pdf\">Podsumowanie Ankiety Oceny Praktyk Studenckich Cz\u0119\u015b\u0107 1 \u2013 Ankieta dla Student\u00f3w<\/a><\/td>\n<\/tr>\n<tr>\n<td width=\"64\">4<\/td>\n<td width=\"996\"><a href=\"http:\/\/agat.wt.pw.edu.pl\/wszjk\/wp-content\/uploads\/2021\/03\/ANKIETY-PRAKTYK-STUDENCKICH-PRACODAWCY_2020.pdf\">Podsumowanie Ankiety Oceny Praktyk Studenckich Cz\u0119\u015b\u0107 2 \u2013 Ankieta dla Pracodawc\u00f3w<\/a><\/td>\n<\/tr>\n<tr>\n<td width=\"64\">5<\/td>\n<td width=\"996\"><a href=\"http:\/\/agat.wt.pw.edu.pl\/wszjk\/wp-content\/uploads\/2021\/03\/WT2_P4-oraz-WT3_P11_pankieta-oceny-programow-i-efektow-ksztalcenia-na-studiach-doktoranckich-2019_2020_v2.pdf\">Om\u00f3wienie wynik\u00f3w ankiet przeprowadzonych w\u015br\u00f3d doktorant\u00f3w studi\u00f3w doktoranckich w Wydziale Transportu za rok akademicki 2019 &#8211; 2020<br \/>\n<\/a><\/td>\n<\/tr>\n<tr>\n<td colspan=\"2\" width=\"1060\">Rok 2019<\/td>\n<\/tr>\n<tr>\n<td width=\"64\">1<\/td>\n<td width=\"996\"><a href=\"http:\/\/agat.wt.pw.edu.pl\/wszjk\/wp-content\/uploads\/2020\/02\/ZJK_Plan-na-2019.ppt-tryb-zgodno\u015bci.pdf\">Plan dzia\u0142a\u0144 na rok 2019<\/a><\/td>\n<\/tr>\n<tr>\n<td width=\"64\">2<\/td>\n<td width=\"996\"><a href=\"http:\/\/agat.wt.pw.edu.pl\/wszjk\/wp-content\/uploads\/2020\/02\/7.02.2019.WSZJK-sprawozdanie-za-rok_2018.pdf\">Sprawozdanie z podj\u0119tych dzia\u0142a\u0144 dotycz\u0105cych zapewnienia jako\u015bci kszta\u0142cenia prowadzonych na Wydziale w roku 2018<\/a><\/td>\n<\/tr>\n<tr>\n<td width=\"64\">3<\/td>\n<td width=\"996\"><a href=\"http:\/\/agat.wt.pw.edu.pl\/wszjk\/wp-content\/uploads\/2020\/02\/NERW_panele-SPRAWOZDANIE_inz-l\u0105dowa-i-transport_ost.pdf\">Sprawozdanie z panelu pracodawc\u00f3w<\/a><\/td>\n<\/tr>\n<tr>\n<td width=\"64\">4<\/td>\n<td width=\"996\"><a href=\"http:\/\/agat.wt.pw.edu.pl\/wszjk\/wp-content\/uploads\/2020\/02\/ANKIETA-PRAKTYK-STUDENCKICH-STUDENCI_2020-02-10.pdf\">Ankieta praktyk studenckich &#8211; studenci &#8211; rok akademicki 2018\/2019<\/a><\/td>\n<\/tr>\n<tr>\n<td width=\"64\">5<\/td>\n<td width=\"996\"><a href=\"http:\/\/agat.wt.pw.edu.pl\/wszjk\/wp-content\/uploads\/2020\/02\/ANKIETY-PRAKTYK-STUDENCKICH-PRACODAWCY_2020-02-10.pdf\">Ankieta praktyk studenckich &#8211; pracodawcy &#8211; rok akademicki 2018\/2019<\/a><\/td>\n<\/tr>\n<tr>\n<td colspan=\"2\" width=\"1060\">Rok 2018<\/td>\n<\/tr>\n<tr>\n<td width=\"64\">1<\/td>\n<td width=\"996\"><a href=\"http:\/\/agat.wt.pw.edu.pl\/wszjk\/pdf_zewn\/tkr\/PLAN%20DZIA%C5%81A%C5%83%20WSZJK%20na%20rok_2018.pdf\">Plan dzia\u0142a\u0144 na rok 2018<\/a><\/td>\n<\/tr>\n<tr>\n<td width=\"64\">2<\/td>\n<td width=\"996\"><a href=\"http:\/\/agat.wt.pw.edu.pl\/wszjk\/wp-content\/uploads\/2018\/11\/ANKIETA-PRAKTYK-STUDENCKICH-STUDENCI_2018-11-20.pdf\">Ankieta praktyk studenckich &#8211; studenci &#8211; rok akademicki 2017\/2018<\/a><\/td>\n<\/tr>\n<tr>\n<td width=\"64\">3<\/td>\n<td width=\"996\"><a href=\"http:\/\/agat.wt.pw.edu.pl\/wszjk\/wp-content\/uploads\/2018\/11\/ANKIETY-PRAKTYK-STUDENCKICH-PRACODAWCY_2018-11-20.pdf\">Ankieta praktyk studenckich &#8211; pracodawcy &#8211; rok akademicki 2017\/2018<\/a><\/td>\n<\/tr>\n<tr>\n<td width=\"64\">4<\/td>\n<td width=\"996\"><a href=\"http:\/\/agat.wt.pw.edu.pl\/wszjk\/wp-content\/uploads\/2018\/12\/Ankieta-Ewaluacyjna-2017_2018.pdf\">Wyniki Ankiety Ewaluacyjnej 2017\/2018<\/a><\/td>\n<\/tr>\n<tr>\n<td width=\"64\">5<\/td>\n<td width=\"996\"><a href=\"http:\/\/agat.wt.pw.edu.pl\/wszjk\/wp-content\/uploads\/2018\/12\/ANKIETY-OCENY-STUDI%C3%93W-NA-WYDZIALE-TRANSPORTU-POLITECHNIKI-WARSZAWSKIEJ-2017_2018.pdf\"> Wyniki Ankiety Oceny Studi\u00f3w na Wydziale Transportu PW 2017\/2018<\/a><\/td>\n<\/tr>\n<tr>\n<td width=\"64\">6<\/td>\n<td width=\"996\">W dniu 21 listopada 2018 r. odby\u0142 si\u0119 na Wydziale Transportu Politechniki Warszawskiej wyk\u0142ad \u201eAkademicki savoir-vivre\u201d<\/td>\n<\/tr>\n<tr>\n<td width=\"64\">7<\/td>\n<td width=\"996\"><a href=\"http:\/\/agat.wt.pw.edu.pl\/wszjk\/wp-content\/uploads\/2018\/12\/Wyniki-ankiet-przeprowadzonych-w%C5%9Br%C3%B3d-doktorant%C3%B3w-na-Wydziale-Transportu_-2017-2018.pdf\">Om\u00f3wienie wynik\u00f3w ankiet przeprowadzonych w\u015br\u00f3d doktorant\u00f3w studi\u00f3w doktoranckich w Wydziale Transportu za rok akademicki 2017\/2018<\/a><\/td>\n<\/tr>\n<tr>\n<td width=\"64\">8<\/td>\n<td width=\"996\"><a href=\"http:\/\/agat.wt.pw.edu.pl\/wszjk\/wp-content\/uploads\/2018\/12\/Sprawozdanie-wydzia%C5%82owe-2017.pdf\">Sprawozdanie z dzia\u0142alno\u015bci promocyjnej Wydzia\u0142u Transportu za rok 2017<\/a><\/td>\n<\/tr>\n<tr>\n<td colspan=\"2\" width=\"1060\">Rok 2017<\/td>\n<\/tr>\n<tr>\n<td width=\"64\">1<\/td>\n<td width=\"996\"><a href=\"http:\/\/www2.wt.pw.edu.pl\/~tkr\/wszjk\/Plan_dzialan_na_rok_2017.pdf\">Plan dzia\u0142a\u0144 na rok 2017<\/a><\/td>\n<\/tr>\n<tr>\n<td width=\"64\">2<\/td>\n<td width=\"996\">W dniach 27 i 30 listopada 2017 r. odby\u0142 si\u0119 na Wydziale Transportu Politechniki Warszawskiej wyk\u0142ad &#8222;Akademicki savoir-vivre&#8221;<\/td>\n<\/tr>\n<tr>\n<td width=\"64\">3<\/td>\n<td width=\"996\"><a href=\"http:\/\/agat.wt.pw.edu.pl\/wszjk\/pdf_zewn\/tkr\/Wyniki ankiet dotycz\u0105cych procesu dyplomowania.pdf\">Wyniki ankiety absolwenta dotycz\u0105cej oceny procesu dyplomowania na Wydziale Transportu PW w roku 2016\/2017<\/a><\/td>\n<\/tr>\n<tr>\n<td width=\"64\">4<\/td>\n<td width=\"996\"><a href=\"http:\/\/agat.wt.pw.edu.pl\/wszjk\/pdf_zewn\/tkr\/SRAWOZDANIE WSZJK_2017_luty 2018.pdf\">Sprawozdanie z podj\u0119tych dzia\u0142a\u0144 dotycz\u0105cych zapewniania jako\u015bci kszta\u0142cenia prowadzonych na Wydziale Transportu w roku 2017<\/a><\/td>\n<\/tr>\n<tr>\n<td width=\"64\">5<\/td>\n<td width=\"996\"><a href=\"http:\/\/agat.wt.pw.edu.pl\/wszjk\/wp-content\/uploads\/2018\/11\/ANKIETA-PRAKTYK-STUDENCKICH-STUDENCI_2018-02-13.pdf\">Ankieta praktyk studenckich &#8211; studenci &#8211; rok akademicki 2016\/2017<\/a><\/td>\n<\/tr>\n<tr>\n<td width=\"64\">6<\/td>\n<td width=\"996\"><a href=\"http:\/\/agat.wt.pw.edu.pl\/wszjk\/wp-content\/uploads\/2018\/11\/ANKIETY-PRAKTYK-STUDENCKICH-PRACODAWCY_2018-02-15.pdf\">Ankieta praktyk studenckich &#8211; pracodawcy &#8211; rok akademicki 2016\/2017<\/a><\/td>\n<\/tr>\n<tr>\n<td width=\"64\">7<\/td>\n<td width=\"996\"><a href=\"http:\/\/agat.wt.pw.edu.pl\/wszjk\/wp-content\/uploads\/2018\/12\/Wyniki-ankiet-przeprowadzonych-w%C5%9Br%C3%B3d-doktorant%C3%B3w-na-Wydziale-Transportu_-2016-2017.pdf\">Om\u00f3wienie wynik\u00f3w ankiet przeprowadzonych w\u015br\u00f3d doktorant\u00f3w studi\u00f3w doktoranckich w Wydziale Transportu za rok akademicki 2016\/2017<\/a><\/td>\n<\/tr>\n<tr>\n<td colspan=\"2\" width=\"1060\">Rok 2016<\/td>\n<\/tr>\n<tr>\n<td width=\"64\">1<\/td>\n<td width=\"996\"><a href=\"http:\/\/agat.wt.pw.edu.pl\/wszjk\/pdf_zewn\/2016\/plan_wszjk_2016.pdf\">Plan dzia\u0142a\u0144 na rok 2016<\/a><\/td>\n<\/tr>\n<tr>\n<td width=\"64\">2<\/td>\n<td width=\"996\"><a href=\"http:\/\/agat.wt.pw.edu.pl\/wszjk\/pdf_zewn\/tkr\/Sprawozdanie wydzia\u0142owe 2016.pdf\">Sprawozdanie z dzia\u0142alno\u015bci promocyjnej Wydzia\u0142u Transportu za rok 2016<\/a><\/td>\n<\/tr>\n<tr>\n<td width=\"64\">3<\/td>\n<td width=\"996\"><a href=\"http:\/\/www2.wt.pw.edu.pl\/~tkr\/wszjk\/Sprawozdanie_z_dzialalnosci_WSZJK_za_rok_2016.pdf\">Sprawozdanie z podj\u0119tych dzia\u0142a\u0144 dotycz\u0105cych zapewniania jako\u015bci kszta\u0142cenia prowadzonych na Wydziale Transportu w roku 2016<\/a><\/td>\n<\/tr>\n<tr>\n<td width=\"64\">4<\/td>\n<td width=\"996\"><a href=\"http:\/\/agat.wt.pw.edu.pl\/wszjk\/wp-content\/uploads\/2018\/12\/Ankietyzacja-zaj%C4%99%C4%87-dydaktycznych-na-Wydziale-Transportu-2015-2016.pdf\">Sprawozdanie z przebiegu ankietyzacji zaj\u0119\u0107 dydaktycznych na Wydziale Transportu w semestrze zimowym i letnim roku akademickiego 2015\/2016 <\/a><\/td>\n<\/tr>\n<tr>\n<td colspan=\"2\" width=\"1060\">Rok 2015<\/td>\n<\/tr>\n<tr>\n<td width=\"64\">1<\/td>\n<td width=\"996\"><a href=\"http:\/\/agat.wt.pw.edu.pl\/wszjk\/pdf_zewn\/2015\/plan_wszjk_2015.pdf\">Plan dzia\u0142a\u0144 na rok 2015<\/a><\/td>\n<\/tr>\n<tr>\n<td width=\"64\">2<\/td>\n<td width=\"996\"><a href=\"http:\/\/agat.wt.pw.edu.pl\/wszjk\/pdf_zewn\/2016\/Sprawozdanie_wszjk_2015.pdf\">Sprawozdanie z dzia\u0142alno\u015bci WSZJK za rok 2015<\/a><\/td>\n<\/tr>\n<tr>\n<td width=\"64\">3<\/td>\n<td width=\"996\"><a href=\"http:\/\/agat.wt.pw.edu.pl\/wszjk\/pdf_zewn\/2016\/RJ\/spr_ank_opinia_pracodawcow.pdf\">Sprawozdanie z ankiety ewaluacyjnej opinii pracodawc\u00f3w<\/a><\/td>\n<\/tr>\n<tr>\n<td width=\"64\">4<\/td>\n<td width=\"996\"><a href=\"http:\/\/agat.wt.pw.edu.pl\/wszjk\/pdf_zewn\/2016\/RJ\/spr_ank_opinia_studentow.pdf\">Sprawozdanie z ankiety ewaluacyjnej opinii student\u00f3w<\/a><\/td>\n<\/tr>\n<tr>\n<td width=\"64\">5<\/td>\n<td width=\"996\"><a href=\"http:\/\/agat.wt.pw.edu.pl\/wszjk\/pdf_zewn\/2016\/RJ\/spr_ank_proces_dyplomowania.pdf\">Sprawozdanie z ankiety ewaluacyjnej procesu dyplomowania<\/a><\/td>\n<\/tr>\n<tr>\n<td width=\"64\">6<\/td>\n<td width=\"996\"><a href=\"http:\/\/agat.wt.pw.edu.pl\/wszjk\/pdf_zewn\/2016\/RJ\/spr_ank_prog_ksztalcenia_absolwenci.pdf\">Sprawozdanie z ankiety ewaluacyjnej programu kszta\u0142cenia przez absolwent\u00f3w<\/a><\/td>\n<\/tr>\n<tr>\n<td width=\"64\">7<\/td>\n<td width=\"996\"><a href=\"http:\/\/agat.wt.pw.edu.pl\/wszjk\/pdf_zewn\/2016\/RJ\/spr_ank_prog_ksztalcenia_upowszechniania.pdf\">Sprawozdanie z ankiety ewaluacyjnej program\u00f3w kszta\u0142cenia i ich upowszechniania<\/a><\/td>\n<\/tr>\n<tr>\n<td width=\"64\">8<\/td>\n<td width=\"996\"><a href=\"http:\/\/agat.wt.pw.edu.pl\/wszjk\/pdf_zewn\/2016\/RJ\/spr_ank_ocena_pracy_dziekanatu.pdf\">Sprawozdanie z ankiety oceny pracy dziekanatu<\/a><\/td>\n<\/tr>\n<tr>\n<td width=\"64\">&nbsp;<\/td>\n<td width=\"996\">&nbsp;<\/td>\n<\/tr>\n<tr>\n<td colspan=\"2\" width=\"1060\">Rok 2014<\/td>\n<\/tr>\n<tr>\n<td width=\"64\">1<\/td>\n<td width=\"996\"><a href=\"http:\/\/agat.wt.pw.edu.pl\/wszjk\/pdf_zewn\/2014\/raport_BK_2014_06_10.pdf\">Raport Biura Karier Politechniki Warszawskiej &#8211; 2014<\/a><\/td>\n<\/tr>\n<tr>\n<td width=\"64\">2<\/td>\n<td width=\"996\"><a href=\"http:\/\/agat.wt.pw.edu.pl\/wszjk\/pdf_zewn\/2014\/Raport_efekty_upowszechnianie_2014.pdf\">Podsumowanie opinii student\u00f3w nt. efekt\u00f3w kszta\u0142cenia i ich upowszechniania<\/a><\/td>\n<\/tr>\n<tr>\n<td width=\"64\">3<\/td>\n<td width=\"996\"><a href=\"http:\/\/agat.wt.pw.edu.pl\/wszjk\/pdf_zewn\/2014\/Raport_Erasmus_2014.pdf\">Raport dotycz\u0105cy programu ERASMUS<\/a><\/td>\n<\/tr>\n<tr>\n<td width=\"64\">4<\/td>\n<td width=\"996\"><a href=\"http:\/\/agat.wt.pw.edu.pl\/wszjk\/pdf_zewn\/2014\/Raport_ocena_dziekanatu_2014.pdf\">Raport &#8211; ocena pracy dziekanatu<\/a><\/td>\n<\/tr>\n<tr>\n<td width=\"64\">5<\/td>\n<td width=\"996\"><a href=\"http:\/\/agat.wt.pw.edu.pl\/wszjk\/pdf_zewn\/2014\/Raport_ocena_absolwentow_2014.pdf\">Raport &#8211; ocena absolwent\u00f3w<\/a><\/td>\n<\/tr>\n<tr>\n<td width=\"64\">6<\/td>\n<td width=\"996\"><a href=\"http:\/\/agat.wt.pw.edu.pl\/wszjk\/pdf_zewn\/2014\/Raport_praktyki_pracodawcy_2014.pdf\">Raport &#8211; ocena praktyk \/ pracodawcy<\/a><\/td>\n<\/tr>\n<tr>\n<td width=\"64\">7<\/td>\n<td width=\"996\"><a href=\"http:\/\/agat.wt.pw.edu.pl\/wszjk\/pdf_zewn\/2014\/Raport_praktyki_studenci_2014.pdf\">Raport &#8211; ocena praktyk \/ studenci<\/a><\/td>\n<\/tr>\n<tr>\n<td width=\"64\">8<\/td>\n<td width=\"996\"><a href=\"http:\/\/agat.wt.pw.edu.pl\/wszjk\/pdf_zewn\/2014\/Raport_Promocja_informacja_2014.pdf\">Raport &#8211; z dzia\u0142alno\u015bci promocyjnej Wydzia\u0142u Transportu<\/a><\/td>\n<\/tr>\n<tr>\n<td width=\"64\">9<\/td>\n<td width=\"996\"><a href=\"http:\/\/agat.wt.pw.edu.pl\/wszjk\/pdf_zewn\/2014\/Raport_Studia_Doktoranckie_2014.pdf\">Raport ankietyzacji student\u00f3w na studiach doktoranckich<\/a><\/td>\n<\/tr>\n<tr>\n<td width=\"64\">10<\/td>\n<td width=\"996\"><a href=\"http:\/\/agat.wt.pw.edu.pl\/wszjk\/pdf_zewn\/2014\/sprawozdanie_wszjk_2014.pdf\">Sprawozdanie WSZJK za rok 2014<\/a><\/td>\n<\/tr>\n<tr>\n<td width=\"64\">&nbsp;<\/td>\n<td width=\"996\">&nbsp;<\/td>\n<\/tr>\n<tr>\n<td colspan=\"2\" width=\"1060\">Lata 2012 &#8211; 2013<\/td>\n<\/tr>\n<tr>\n<td width=\"64\">1<\/td>\n<td width=\"996\"><a href=\"http:\/\/agat.wt.pw.edu.pl\/wszjk\/pdf_zewn\/Raport_ankietyzacja_2011_2012.pdf\">Wyniki ankietyzacji 2011-2012<\/a><\/td>\n<\/tr>\n<tr>\n<td width=\"64\">2<\/td>\n<td width=\"996\"><a href=\"http:\/\/agat.wt.pw.edu.pl\/wszjk\/pdf_zewn\/Raport_ankietyzacja_2012_2013.pdf\">Wyniki ankietyzacji 2012-2013<\/a><\/td>\n<\/tr>\n<tr>\n<td width=\"64\">3<\/td>\n<td width=\"996\"><a href=\"http:\/\/agat.wt.pw.edu.pl\/wszjk\/pdf_zewn\/Ocena_procesu_dyplomowania_2012-2013.pdf\">Ocena procesu dyplomowania 2012-2013<\/a><\/td>\n<\/tr>\n<tr>\n<td width=\"64\">4<\/td>\n<td width=\"996\"><a href=\"http:\/\/agat.wt.pw.edu.pl\/wszjk\/pdf_zewn\/ocena_prac_dyplomowych.pdf\">Pilota\u017cowa ocena prac dyplomowych 2013<\/a><\/td>\n<\/tr>\n<tr>\n<td width=\"64\">5<\/td>\n<td width=\"996\"><a href=\"http:\/\/agat.wt.pw.edu.pl\/wszjk\/pdf_zewn\/Sprawozdanie_infrastruktura_2013.pdf\">Ocena stanu infrastruktury dydaktycznej 2013<\/a><\/td>\n<\/tr>\n<tr>\n<td width=\"64\">6<\/td>\n<td width=\"996\"><a href=\"http:\/\/agat.wt.pw.edu.pl\/wszjk\/pdf_zewn\/Ocena_pracy_dziekanatu_2012-2013.pdf\">Ocena pracy dziekanatu 2012-2013<\/a><\/td>\n<\/tr>\n<tr>\n<td width=\"64\">7<\/td>\n<td width=\"996\"><a href=\"http:\/\/agat.wt.pw.edu.pl\/wszjk\/pdf_zewn\/Dzialalnosc_kol_naukowych_na_rzecz_otoczenia.pdf\">Dzia\u0142alno\u015b\u0107 k\u00f3\u0142 naukowych na rzecz interesariuszy zewn\u0119trznych<\/a><\/td>\n<\/tr>\n<tr>\n<td width=\"64\">8<\/td>\n<td width=\"996\"><a href=\"http:\/\/agat.wt.pw.edu.pl\/wszjk\/pdf_zewn\/Raport_upowszechnianie_efektow_2012_2013.pdf\">Ocena upowszechniania efekt\u00f3w kszta\u0142cenia 2012-2013<\/a><\/td>\n<\/tr>\n<tr>\n<td width=\"64\">9<\/td>\n<td width=\"996\"><a href=\"http:\/\/agat.wt.pw.edu.pl\/wszjk\/pdf_zewn\/Raport_dzialalnosc_promocyjna.pdf\">Sprawozdanie z dzia\u0142alno\u015bci promocyjnej Wydzia\u0142u Transportu za rok 2013<\/a><\/td>\n<\/tr>\n<\/tbody>\n<\/table>\n","protected":false},"excerpt":{"rendered":"<p>Monitorowanie Systemu Rok 2026 1 Wyniki ankietyzacji w roku 2025 &#8211; dokument dost\u0119pny wy\u0142\u0105cznie z sieci komputerowej WT PW 2 Sprawozdanie z podj\u0119tych dzia\u0142a\u0144 dotycz\u0105cych zapewnienia jako\u015bci kszta\u0142cenia prowadzonych na Wydziale w roku 2025 &#8211; dokument dost\u0119pny wy\u0142\u0105cznie z sieci &hellip; <a href=\"https:\/\/agat.wt.pw.edu.pl\/wszjk\/aktywnosc\/monitorowanie\/\">Czytaj dalej <span class=\"meta-nav\">&rarr;<\/span><\/a><\/p>\n","protected":false},"author":1,"featured_media":0,"parent":75,"menu_order":12,"comment_status":"closed","ping_status":"closed","template":"","meta":[],"_links":{"self":[{"href":"https:\/\/agat.wt.pw.edu.pl\/wszjk\/wp-json\/wp\/v2\/pages\/43"}],"collection":[{"href":"https:\/\/agat.wt.pw.edu.pl\/wszjk\/wp-json\/wp\/v2\/pages"}],"about":[{"href":"https:\/\/agat.wt.pw.edu.pl\/wszjk\/wp-json\/wp\/v2\/types\/page"}],"author":[{"embeddable":true,"href":"https:\/\/agat.wt.pw.edu.pl\/wszjk\/wp-json\/wp\/v2\/users\/1"}],"replies":[{"embeddable":true,"href":"https:\/\/agat.wt.pw.edu.pl\/wszjk\/wp-json\/wp\/v2\/comments?post=43"}],"version-history":[{"count":36,"href":"https:\/\/agat.wt.pw.edu.pl\/wszjk\/wp-json\/wp\/v2\/pages\/43\/revisions"}],"predecessor-version":[{"id":384,"href":"https:\/\/agat.wt.pw.edu.pl\/wszjk\/wp-json\/wp\/v2\/pages\/43\/revisions\/384"}],"up":[{"embeddable":true,"href":"https:\/\/agat.wt.pw.edu.pl\/wszjk\/wp-json\/wp\/v2\/pages\/75"}],"wp:attachment":[{"href":"https:\/\/agat.wt.pw.edu.pl\/wszjk\/wp-json\/wp\/v2\/media?parent=43"}],"curies":[{"name":"wp","href":"https:\/\/api.w.org\/{rel}","templated":true}]}}