{"id":35,"date":"2016-06-10T14:58:59","date_gmt":"2016-06-10T12:58:59","guid":{"rendered":"http:\/\/agat.wt.pw.edu.pl\/szjk\/?page_id=35"},"modified":"2025-06-21T20:37:26","modified_gmt":"2025-06-21T18:37:26","slug":"sklad-osobowy","status":"publish","type":"page","link":"https:\/\/agat.wt.pw.edu.pl\/wszjk\/sklad-osobowy\/","title":{"rendered":"Sk\u0142ad osobowy"},"content":{"rendered":"<p>Sk\u0142ad osobowy Komisji Rady Wydzia\u0142u w Kadencji 2024 &#8211; 2028<\/p>\n<p>Pe\u0142nomocnik Dziekana ds. Zapewniania Jako\u015bci Kszta\u0142cenia:<\/p>\n<ul>\n<li><b>dr hab. in\u017c. Roland Jachimowski, prof. uczelni<br \/>\n<\/b><\/li>\n<\/ul>\n<p>Prodziekan ds. kszta\u0142cenia:<\/p>\n<ul>\n<li><b>dr hab. in\u017c. Ewa Kardas-Cinal, prof. uczelni <\/b><\/li>\n<\/ul>\n<p>Prodziekan ds. studenckich:<\/p>\n<ul>\n<li><b>dr in\u017c. Tomasz Krukowicz<\/b><\/li>\n<\/ul>\n<p>Przedstawiciele pracownik\u00f3w b\u0119d\u0105cych nauczycielami akademickimi:<\/p>\n<ul>\n<li><b>dr hab. in\u017c. Mariusz Kostrzewski, prof. uczelni<\/b><\/li>\n<li><b>dr hab. in\u017c. Piotr Tomczuk, prof. uczelni<\/b><\/li>\n<li><b>dr hab in\u017c. Marek Stawowy, prof. uczelni<\/b><\/li>\n<\/ul>\n<p>Przedstawiciele pracownik\u00f3w nieb\u0119d\u0105cych nauczycielami akademickimi:<\/p>\n<ul>\n<li>mgr Ewa Bie\u0144ko<\/li>\n<\/ul>\n<p>Przedstawiciel Student\u00f3w:<\/p>\n<ul>\n<li>Mariusz Wlaz\u0142o<\/li>\n<\/ul>\n<hr>\n<p>Sk\u0142ad osobowy Komisji Rady Wydzia\u0142u w Kadencji 2020 &#8211; 2024<\/p>\n<p>Pe\u0142nomocnik Dziekana ds. Zapewniania Jako\u015bci Kszta\u0142cenia:<\/p>\n<ul>\n<li><b>dr hab. in\u017c. Roland Jachimowski, prof. uczelni<br \/>\n<\/b><\/li>\n<\/ul>\n<p>Prodziekan ds. Kszta\u0142cenia:<\/p>\n<ul>\n<li><b>dr hab. in\u017c. Ewa Kardas-Cinal, prof. uczelni <\/b><\/li>\n<\/ul>\n<p>Przedstawiciele pracownik\u00f3w b\u0119d\u0105cych nauczycielami akademickimi:<\/p>\n<ul>\n<li><b>dr hab. in\u017c. Mariusz Kostrzewski, prof. uczelni<\/b><\/li>\n<li><b>dr hab. in\u017c. Piotr Tomczuk, prof. uczelni<\/b><\/li>\n<li><b>dr in\u017c. Anna Kwasiborska<\/b><\/li>\n<li><b>dr in\u017c. Piotr Go\u0142\u0119biowski<\/b><\/li>\n<li><b>dr in\u017c. Mariusz Rychlicki<\/b><\/li>\n<li><b>dr in\u017c. Piotr Zdanowicz<\/b><\/li>\n<li><b>dr in\u017c. Tomasz Krukowicz<\/b><\/li>\n<\/ul>\n<p>Przedstawiciele pracownik\u00f3w nieb\u0119d\u0105cych nauczycielami akademickimi:<\/p>\n<ul>\n<li>mgr Ewa Bie\u0144ko<\/li>\n<\/ul>\n<p>Przedstawiciel Doktorant\u00f3w:<\/p>\n<ul>\n<li>mgr in\u017c. Zuzanna Zysk<\/li>\n<\/ul>\n<p>Przedstawiciel Student\u00f3w:<\/p>\n<ul>\n<li>Patryk Niedzi\u00f3\u0142ka<\/li>\n<\/ul>\n<p>Przedstawiciele Student\u00f3w we wcze\u015bniejszych okresach:<\/p>\n<ul>\n<li>Kacper Szczerbi\u0144ski<\/li>\n<li>Maksymilian Pobrotyn<\/li>\n<\/ul>\n<hr>\n<p>Sk\u0142ad osobowy Komisji Rady Wydzia\u0142u w Kadencji 2016 &#8211; 2020<\/p>\n<p>Pe\u0142nomocnik Dziekana ds. Zapewniania Jako\u015bci Kszta\u0142cenia:<\/p>\n<ul>\n<li><b>dr hab. in\u017c. Ewa Kardas-Cinal, prof. PW<br \/>\n<\/b><\/li>\n<\/ul>\n<p>Prodziekan ds. Kszta\u0142cenia:<\/p>\n<ul>\n<li><b>dr hab. in\u017c. Dariusz Pyza, prof. PW <\/b><\/li>\n<\/ul>\n<p>Przedstawiciele pracownik\u00f3w b\u0119d\u0105cych nauczycielami akademickimi:<\/p>\n<ul>\n<li><b>dr hab. in\u017c. Piotr Tomczuk, prof. PW<br \/>\n<\/b><\/li>\n<li><b>dr hab. in\u017c. Roland Jachimowski<\/b><\/li>\n<li><b>dr in\u017c. Anna Kwasiborska<\/b><\/li>\n<li><b>dr in\u017c. Mariusz Rychlicki<\/b><\/li>\n<li><b>dr in\u017c. Tomasz Krukowicz<\/b><\/li>\n<li>dr Agnieszka Skala &#8211; do roku 2017<\/li>\n<\/ul>\n<p>Przedstawiciele pracownik\u00f3w nieb\u0119d\u0105cych nauczycielami akademickimi:<\/p>\n<ul>\n<li>mgr Ewa Bie\u0144ko<\/li>\n<\/ul>\n<p>Przedstawiciel Doktorant\u00f3w:<\/p>\n<ul>\n<li>mgr in\u017c. Pawe\u0142 Wontorski<\/li>\n<\/ul>\n<p>Przedstawiciel Student\u00f3w:<\/p>\n<ul>\n<li>Tomasz Szabra\u0144ski &#8211; od roku 2018<\/li>\n<li>Jacek Szejna &#8211; w roku akademickim 2017\/18<\/li>\n<li>Mateusz Cie\u015blak &#8211; w roku akademickim 2016\/17<\/li>\n<\/ul>\n<hr>\n<p>Sk\u0142ad osobowy Komisji Rady Wydzia\u0142u w Kadencji 2012 &#8211; 2016<\/p>\n<p>Pe\u0142nomocnik Dziekana ds. Zapewniania Jako\u015bci Kszta\u0142cenia<\/p>\n<ul>\n<li><b>Prof. nzw. dr hab. in\u017c. Iwona Grabarek<\/b><\/li>\n<\/ul>\n<p>Prodziekan<\/p>\n<ul>\n<li><b>Dr hab. in\u017c. Dariusz Pyza&nbsp; <\/b>&#8211; Prodziekan ds. Kszta\u0142cenia<b>&nbsp;<\/b><\/li>\n<\/ul>\n<p>Przedstawiciele pracownik\u00f3w b\u0119d\u0105cych nauczycielami akademickimi<\/p>\n<ul>\n<li><b>Prof. nzw. dr hab. in\u017c. Wies\u0142aw Zab\u0142ocki<\/b><\/li>\n<li><b>Dr in\u017c. Roland Jachimowski<\/b><\/li>\n<li><b>Dr hab. in\u017c. Jaros\u0142aw Korzeb<\/b><\/li>\n<li><b>Dr in\u017c. Anna Kwasiborska<\/b><\/li>\n<\/ul>\n<p>Przedstawiciele pracownik\u00f3w nieb\u0119d\u0105cych nauczycielami akademickimi<\/p>\n<ul>\n<li>Mgr Ewa Bie\u0144ko<\/li>\n<\/ul>\n<p>Przedstawiciel Doktorant\u00f3w<\/p>\n<ul>\n<li>Mgr in\u017c. Piotr Go\u0142\u0119biowski<\/li>\n<\/ul>\n<p>Przedstawiciel Student\u00f3w<\/p>\n<ul>\n<li>Zuzanna Zysk<\/li>\n<li>In\u017c. Rados\u0142aw \u0141api\u0144ski &#8211; do roku 2015<\/li>\n<\/ul>\n<table>\n<tbody>\n<tr>\n<td width=\"968\">Sk\u0142ad Zespo\u0142\u00f3w Roboczych podlegaj\u0105cych Pe\u0142nomocnikowi Dziekana ds. ZJK&nbsp;&nbsp;<\/p>\n<p>Zesp\u00f3\u0142 1<\/p>\n<ul>\n<li>Dr Agnieszka Skala &#8211; adiunkt, Zak\u0142ad Infrastruktury Transportu<\/li>\n<li>Mariusz Nied\u017awiedzki &#8211; student<\/li>\n<li>Monika Mi\u0119tus &#8211; do roku 2015<\/li>\n<\/ul>\n<p>Zesp\u00f3\u0142 2<\/p>\n<ul>\n<li>Mgr in\u017c. Tomasz Krukowicz&nbsp; &#8211; asystent, Zak\u0142ad Sterowania Ruchem<\/li>\n<li>Micha\u0142 Sikorski &#8211; student<\/li>\n<li>Katarzyna Olszewska &#8211; do roku 2015<\/li>\n<\/ul>\n<p>Zesp\u00f3\u0142 3<\/p>\n<ul>\n<li>Dr in\u017c. Mariusz Rychlicki &#8211; adiunkt, Zak\u0142ad Telekomunikacji w Transporcie<\/li>\n<li>Jacek Szejna &#8211; student<\/li>\n<li>Olena Sivets &#8211; do roku 2015<\/li>\n<\/ul>\n<\/td>\n<\/tr>\n<\/tbody>\n<tbody>\n<tr>\n<td width=\"968\">Sk\u0142ad osobowy Komisji w Kadencji 2010 &#8211; 2012&nbsp;&nbsp;<\/p>\n<p>Pe\u0142nomocnik Dziekana ds. Zapewniania Jako\u015bci Kszta\u0142cenia<\/p>\n<ul>\n<li>Prof.dr hab.in\u017c. Marek Malarski<\/li>\n<\/ul>\n<p>Prodziekan<\/p>\n<ul>\n<li>Dr in\u017c. Krzysztof Grochowski&nbsp; &#8211; Prodziekan ds. Nauczania<\/li>\n<\/ul>\n<p>Przedstawiciele pracownik\u00f3w b\u0119d\u0105cych nauczycielami akademickimi<\/p>\n<ul>\n<li>Dr hab. in\u017c. Iwona Grabarek<\/li>\n<li>Prof. nzw. dr hab. in\u017c. Krzysztof Zboi\u0144ski<\/li>\n<li>Dr hab. in\u017c. Wies\u0142aw Zab\u0142ocki<\/li>\n<li>Przedstawiciel Samorz\u0105du Student\u00f3w<\/li>\n<\/ul>\n<\/td>\n<\/tr>\n<\/tbody>\n<\/table>\n","protected":false},"excerpt":{"rendered":"<p>Sk\u0142ad osobowy Komisji Rady Wydzia\u0142u w Kadencji 2024 &#8211; 2028 Pe\u0142nomocnik Dziekana ds. Zapewniania Jako\u015bci Kszta\u0142cenia: dr hab. in\u017c. Roland Jachimowski, prof. uczelni Prodziekan ds. kszta\u0142cenia: dr hab. in\u017c. Ewa Kardas-Cinal, prof. uczelni Prodziekan ds. studenckich: dr in\u017c. Tomasz Krukowicz &hellip; <a href=\"https:\/\/agat.wt.pw.edu.pl\/wszjk\/sklad-osobowy\/\">Czytaj dalej <span class=\"meta-nav\">&rarr;<\/span><\/a><\/p>\n","protected":false},"author":1,"featured_media":0,"parent":0,"menu_order":4,"comment_status":"closed","ping_status":"closed","template":"","meta":[],"_links":{"self":[{"href":"https:\/\/agat.wt.pw.edu.pl\/wszjk\/wp-json\/wp\/v2\/pages\/35"}],"collection":[{"href":"https:\/\/agat.wt.pw.edu.pl\/wszjk\/wp-json\/wp\/v2\/pages"}],"about":[{"href":"https:\/\/agat.wt.pw.edu.pl\/wszjk\/wp-json\/wp\/v2\/types\/page"}],"author":[{"embeddable":true,"href":"https:\/\/agat.wt.pw.edu.pl\/wszjk\/wp-json\/wp\/v2\/users\/1"}],"replies":[{"embeddable":true,"href":"https:\/\/agat.wt.pw.edu.pl\/wszjk\/wp-json\/wp\/v2\/comments?post=35"}],"version-history":[{"count":14,"href":"https:\/\/agat.wt.pw.edu.pl\/wszjk\/wp-json\/wp\/v2\/pages\/35\/revisions"}],"predecessor-version":[{"id":367,"href":"https:\/\/agat.wt.pw.edu.pl\/wszjk\/wp-json\/wp\/v2\/pages\/35\/revisions\/367"}],"wp:attachment":[{"href":"https:\/\/agat.wt.pw.edu.pl\/wszjk\/wp-json\/wp\/v2\/media?parent=35"}],"curies":[{"name":"wp","href":"https:\/\/api.w.org\/{rel}","templated":true}]}}